{"id":5616,"date":"2023-10-02T10:35:34","date_gmt":"2023-10-02T13:35:34","guid":{"rendered":"https:\/\/esba-nqn.infd.edu.ar\/sitio\/?page_id=5616"},"modified":"2025-03-31T10:24:16","modified_gmt":"2025-03-31T13:24:16","slug":"folklore","status":"publish","type":"page","link":"https:\/\/esba-nqn.infd.edu.ar\/sitio\/folklore\/","title":{"rendered":"Folklore"},"content":{"rendered":"\n<figure class=\"wp-block-image alignwide\"><img decoding=\"async\" loading=\"lazy\" width=\"1080\" height=\"150\" src=\"https:\/\/esba-nqn.infd.edu.ar\/sitio\/wp-content\/uploads\/2024\/04\/F_Header_F.png\" alt=\"\" class=\"wp-image-6211\" srcset=\"https:\/\/esba-nqn.infd.edu.ar\/sitio\/wp-content\/uploads\/2024\/04\/F_Header_F.png 1080w, https:\/\/esba-nqn.infd.edu.ar\/sitio\/wp-content\/uploads\/2024\/04\/F_Header_F-1000x139.png 1000w, https:\/\/esba-nqn.infd.edu.ar\/sitio\/wp-content\/uploads\/2024\/04\/F_Header_F-768x107.png 768w\" sizes=\"(max-width: 1080px) 100vw, 1080px\" \/><\/figure>\n\n\n\n<div class=\"wp-block-group is-nowrap is-layout-flex wp-container-2\">\n<figure class=\"wp-block-image size-full\"><a href=\"https:\/\/esba-nqn.infd.edu.ar\/sitio\/\"><img decoding=\"async\" loading=\"lazy\" width=\"44\" height=\"44\" src=\"https:\/\/esba-nqn.infd.edu.ar\/sitio\/wp-content\/uploads\/2024\/05\/F_Boton_Home.png\" alt=\"\" class=\"wp-image-6328\"\/><\/a><\/figure>\n\n\n\n<div class=\"wp-block-buttons is-content-justification-center is-layout-flex wp-container-1\">\n<div class=\"wp-block-button\"><a class=\"wp-block-button__link has-text-color has-background wp-element-button\" href=\"#pdf\" style=\"border-radius:5px;color:#282828;background-color:#ff7c00\" rel=\"\"><strong>Profesorado de Danzas con orientaci\u00f3n en Danzas Folkl\u00f3ricas<\/strong><\/a><\/div>\n<\/div>\n<\/div>\n\n\n\n<figure class=\"wp-block-image alignfull size-full\" id=\"pdf\"><img decoding=\"async\" loading=\"lazy\" width=\"1100\" height=\"350\" src=\"https:\/\/esba-nqn.infd.edu.ar\/sitio\/wp-content\/uploads\/2025\/03\/Profesorado-en-Folklore.png\" alt=\"\" class=\"wp-image-7126\" srcset=\"https:\/\/esba-nqn.infd.edu.ar\/sitio\/wp-content\/uploads\/2025\/03\/Profesorado-en-Folklore.png 1100w, https:\/\/esba-nqn.infd.edu.ar\/sitio\/wp-content\/uploads\/2025\/03\/Profesorado-en-Folklore-1000x318.png 1000w, https:\/\/esba-nqn.infd.edu.ar\/sitio\/wp-content\/uploads\/2025\/03\/Profesorado-en-Folklore-768x244.png 768w\" sizes=\"(max-width: 1100px) 100vw, 1100px\" \/><\/figure>\n\n\n\n<p><strong>Competencias:<\/strong><br>Se busca un docente que logre articular la Danza con las dem\u00e1s disciplinas del sistema educativo, que logre transmitir la danza con criterios did\u00e1cticos, respetando los procesos socio-culturales que le dieron origen, que logre poner en conflicto y reelaborar los modelos art\u00edsticos desde las perspectivas de la cultura y que pueda trabajar la danza integrada a otros lenguajes art\u00edsticos.<br>Se apunta a desarrollar la sensibilidad est\u00e9tica, desde la perspectiva de las distintas culturas, respetando las expresiones populares y de culturas diferentes a la propia, a entender la creatividad no solo como un proceso individual, sino tambi\u00e9n, como un proceso colectivo.<br>Buscamos un docente que apunte a desarrollar en sus alumnos, la idea de cuerpo y espacio, despertando la sensibilidad est\u00e9tica y creadora que hay en ello, que logre transmitir una disciplina sin proyectar estereotipos y que resuelva en este sentido las situaciones donde se exprese el Arte-vida o sea el arte de herencia social, que logre integrar su lenguaje art\u00edstico con lo cotidiano, y que est\u00e9 capacitado para planificar conducir y evaluar el proceso de ense\u00f1anza y aprendizaje de las especialidades, y para trabajar en Nivel Terciario, en materias referidas al \u00e1mbito de la cultura y las danzas argentinas. Adem\u00e1s, que est\u00e9 capacitado para realizar trabajos de animaci\u00f3n socio-cultural en \u00e1mbitos municipales, provinciales, regionales y del sistema educativo, para formular contenidos provenientes de la vida cotidiana de \u00e1mbitos comunitarios, para elaborar criterios e instrumentos que le permitan evaluar los componentes del proceso ense\u00f1anza-aprendizaje y para incentivar que el alumno ponga en valor los distintos aspectos identitarios de su cultura y su patrimonio cultural.<\/p>\n\n\n\n<p><strong>Campos laborales:<\/strong><br>Como docente en el campo de la danza, con especialidad en danzas folkl\u00f3ricas.<\/p>\n\n\n\n<div class=\"wp-block-columns is-layout-flex wp-container-5\">\n<div class=\"wp-block-column is-layout-flow\" style=\"flex-basis:50%\"><div class=\"wp-block-image\">\n<figure class=\"aligncenter size-full is-resized\"><a href=\"https:\/\/drive.google.com\/file\/d\/1i0O6DedJLdxkiiGegZ5L8j7x7l9w2zzL\/view?usp=drive_link\"><img decoding=\"async\" src=\"https:\/\/esba-nqn.infd.edu.ar\/sitio\/wp-content\/uploads\/2024\/09\/PDE_F_Boton.png\" alt=\"\" class=\"wp-image-6764\" height=\"50\"\/><\/a><\/figure><\/div><\/div>\n\n\n\n<div class=\"wp-block-column is-layout-flow\" style=\"flex-basis:50%\"><div class=\"wp-block-image\">\n<figure class=\"aligncenter size-full is-resized\"><a href=\"https:\/\/esba-nqn.infd.edu.ar\/sitio\/formulario-suscripcion\/\"><img decoding=\"async\" src=\"https:\/\/esba-nqn.infd.edu.ar\/sitio\/wp-content\/uploads\/2024\/09\/SABERMAS_F_Boton.png\" alt=\"\" class=\"wp-image-6762\" height=\"50\"\/><\/a><\/figure><\/div><\/div>\n<\/div>\n\n\n\n<hr class=\"wp-block-separator has-alpha-channel-opacity\"\/>\n","protected":false},"excerpt":{"rendered":"<p>Competencias:Se busca un docente que logre articular la Danza con las dem\u00e1s disciplinas del sistema educativo, que logre transmitir la danza con criterios did\u00e1cticos, respetando los procesos socio-culturales que le dieron origen, que logre poner en conflicto y reelaborar los modelos art\u00edsticos desde las perspectivas de la cultura y que pueda trabajar la danza integrada &#8230; <a title=\"Folklore\" class=\"read-more\" href=\"https:\/\/esba-nqn.infd.edu.ar\/sitio\/folklore\/\" aria-label=\"More on Folklore\">[+]<\/a><\/p>\n","protected":false},"author":2644,"featured_media":0,"parent":0,"menu_order":0,"comment_status":"closed","ping_status":"closed","template":"","meta":[],"acf":[],"_links":{"self":[{"href":"https:\/\/esba-nqn.infd.edu.ar\/sitio\/wp-json\/wp\/v2\/pages\/5616"}],"collection":[{"href":"https:\/\/esba-nqn.infd.edu.ar\/sitio\/wp-json\/wp\/v2\/pages"}],"about":[{"href":"https:\/\/esba-nqn.infd.edu.ar\/sitio\/wp-json\/wp\/v2\/types\/page"}],"author":[{"embeddable":true,"href":"https:\/\/esba-nqn.infd.edu.ar\/sitio\/wp-json\/wp\/v2\/users\/2644"}],"replies":[{"embeddable":true,"href":"https:\/\/esba-nqn.infd.edu.ar\/sitio\/wp-json\/wp\/v2\/comments?post=5616"}],"version-history":[{"count":16,"href":"https:\/\/esba-nqn.infd.edu.ar\/sitio\/wp-json\/wp\/v2\/pages\/5616\/revisions"}],"predecessor-version":[{"id":7209,"href":"https:\/\/esba-nqn.infd.edu.ar\/sitio\/wp-json\/wp\/v2\/pages\/5616\/revisions\/7209"}],"wp:attachment":[{"href":"https:\/\/esba-nqn.infd.edu.ar\/sitio\/wp-json\/wp\/v2\/media?parent=5616"}],"curies":[{"name":"wp","href":"https:\/\/api.w.org\/{rel}","templated":true}]}}