{"id":5655,"date":"2023-10-03T22:03:56","date_gmt":"2023-10-04T01:03:56","guid":{"rendered":"https:\/\/esba-nqn.infd.edu.ar\/sitio\/?page_id=5655"},"modified":"2026-03-12T13:44:07","modified_gmt":"2026-03-12T16:44:07","slug":"estudio-en-la-esba","status":"publish","type":"page","link":"https:\/\/esba-nqn.infd.edu.ar\/sitio\/estudio-en-la-esba\/","title":{"rendered":"Estudio en la ESBA"},"content":{"rendered":"\n<figure class=\"wp-block-image size-full\"><img decoding=\"async\" loading=\"lazy\" width=\"1080\" height=\"150\" src=\"https:\/\/esba-nqn.infd.edu.ar\/sitio\/wp-content\/uploads\/2024\/05\/ESTUDIO_Header.png\" alt=\"\" class=\"wp-image-6307\" srcset=\"https:\/\/esba-nqn.infd.edu.ar\/sitio\/wp-content\/uploads\/2024\/05\/ESTUDIO_Header.png 1080w, https:\/\/esba-nqn.infd.edu.ar\/sitio\/wp-content\/uploads\/2024\/05\/ESTUDIO_Header-1000x139.png 1000w, https:\/\/esba-nqn.infd.edu.ar\/sitio\/wp-content\/uploads\/2024\/05\/ESTUDIO_Header-768x107.png 768w\" sizes=\"(max-width: 1080px) 100vw, 1080px\" \/><\/figure>\n\n\n\n<div class=\"wp-block-group is-layout-flex\">\n<figure class=\"wp-block-image size-full\"><a href=\"https:\/\/esba-nqn.infd.edu.ar\/sitio\/\"><img decoding=\"async\" loading=\"lazy\" width=\"44\" height=\"44\" src=\"https:\/\/esba-nqn.infd.edu.ar\/sitio\/wp-content\/uploads\/2024\/05\/Inst_Boton_Home.png\" alt=\"\" class=\"wp-image-6299\"\/><\/a><\/figure>\n\n\n\n<div class=\"wp-block-buttons is-content-justification-center is-layout-flex wp-container-1\">\n<div class=\"wp-block-button has-custom-font-size has-small-font-size\"><a class=\"wp-block-button__link has-text-color has-background wp-element-button\" href=\"#bedelias\" style=\"border-radius:5px;color:#f5f4eb;background-color:#525a6b\"><strong>Bedel\u00edas<\/strong><\/a><\/div>\n<\/div>\n\n\n\n<div class=\"wp-block-buttons is-content-justification-center is-layout-flex wp-container-2\">\n<div class=\"wp-block-button has-custom-font-size has-small-font-size\"><a class=\"wp-block-button__link has-text-color has-background wp-element-button\" href=\"#egresadxs\" style=\"border-radius:5px;color:#f5f4eb;background-color:#525a6b\"><strong>Egresadxs &#8211; T\u00edtulo en tr\u00e1mite<\/strong><\/a><\/div>\n<\/div>\n\n\n\n<div class=\"wp-block-buttons is-content-justification-center is-layout-flex wp-container-3\">\n<div class=\"wp-block-button has-custom-font-size has-small-font-size\"><a class=\"wp-block-button__link has-text-color has-background wp-element-button\" href=\"https:\/\/esba-nqn.infd.edu.ar\/sitio\/equivalencias-2\/\" style=\"border-radius:5px;color:#f5f4eb;background-color:#525a6b\" target=\"_blank\" rel=\"noreferrer noopener\"><strong>Equivalencias<\/strong> &#x2197;<\/a><\/div>\n<\/div>\n\n\n\n<div class=\"wp-block-buttons is-content-justification-center is-layout-flex wp-container-4\">\n<div class=\"wp-block-button has-custom-font-size has-small-font-size\"><a class=\"wp-block-button__link has-text-color has-background wp-element-button\" href=\"https:\/\/esba-nqn.infd.edu.ar\/sitio\/normativa-resoluciones-disposiciones\/\" style=\"border-radius:5px;color:#f5f4eb;background-color:#525a6b\" target=\"_blank\" rel=\"noreferrer noopener\"><strong>Normativa<\/strong> &#x2197;<\/a><\/div>\n<\/div>\n\n\n\n<div class=\"wp-block-buttons is-content-justification-center is-layout-flex wp-container-5\">\n<div class=\"wp-block-button has-custom-font-size has-small-font-size\"><a class=\"wp-block-button__link has-text-color has-background wp-element-button\" href=\"https:\/\/docs.google.com\/document\/d\/1dwCiUXttvrSQlPzvdSSFWNFxIKZy4FYIvYoxZskoE-4\" style=\"border-radius:5px;color:#f5f4eb;background-color:#525a6b\" target=\"_blank\" rel=\"noreferrer noopener\"><strong>Calendario acad\u00e9mico<\/strong> &#x2197;<\/a><\/div>\n<\/div>\n\n\n\n<div class=\"wp-block-buttons is-content-justification-center is-layout-flex wp-container-6\">\n<div class=\"wp-block-button has-custom-font-size has-small-font-size\"><a class=\"wp-block-button__link has-text-color has-background wp-element-button\" href=\"#mesas\" style=\"border-radius:5px;color:#f5f4eb;background-color:#525a6b\"><strong>Mesas de examen<\/strong><\/a><\/div>\n<\/div>\n\n\n\n<div class=\"wp-block-buttons is-content-justification-center is-layout-flex wp-container-7\">\n<div class=\"wp-block-button has-custom-font-size has-small-font-size\"><a class=\"wp-block-button__link has-text-color has-background wp-element-button\" href=\"https:\/\/drive.google.com\/drive\/folders\/1bG_hqyYkBZOfDzfWiI80octlYkxUxaur\" style=\"border-radius:5px;color:#f5f4eb;background-color:#525a6b\"><strong>Planes de estudio y programas<\/strong> &#x2197;<\/a><\/div>\n<\/div>\n\n\n\n<div class=\"wp-block-buttons is-content-justification-center is-layout-flex wp-container-8\">\n<div class=\"wp-block-button has-custom-font-size has-small-font-size\"><a class=\"wp-block-button__link has-text-color has-background wp-element-button\" href=\"https:\/\/esba-nqn.infd.edu.ar\/aula\/\" style=\"border-radius:5px;color:#f5f4eb;background-color:#525a6b\"><strong>Aulas virtuales<\/strong> &#x2197;<\/a><\/div>\n<\/div>\n<\/div>\n\n\n\n<h2 class=\"wp-block-heading\">Noticias estudiantiles<\/h2>\n\n\n<style>.wp-show-posts-columns#wpsp-6829 {margin-left: -2em; }.wp-show-posts-columns#wpsp-6829 .wp-show-posts-inner {margin: 0 0 2em 2em; }<\/style><section id=\"wpsp-6829\" class=\" wp-show-posts-columns wp-show-posts\" style=\"\"><article class=\" wp-show-posts-single post-7246 post type-post status-publish format-standard has-post-thumbnail hentry category-n-estudiantes wpsp-col-4\" itemtype=\"http:\/\/schema.org\/CreativeWork\" itemscope><div class=\"wp-show-posts-inner\" style=\"\">\t\t\t\t\t\t<header class=\"wp-show-posts-entry-header\">\n\t\t\t\t\t\t\t<h2 class=\"wp-show-posts-entry-title\" itemprop=\"headline\"><a href=\"https:\/\/esba-nqn.infd.edu.ar\/sitio\/descarga-tu-libreta\/\" rel=\"bookmark\">\u00a1Descarg\u00e1 tu libreta!<\/a><\/h2><div class=\"wp-show-posts-entry-meta wp-show-posts-entry-meta-below-title post-meta-inline\"><span class=\"wp-show-posts-posted-on wp-show-posts-meta\">\n\t\t\t\t\t<a href=\"https:\/\/esba-nqn.infd.edu.ar\/sitio\/descarga-tu-libreta\/\" title=\"1:46 pm\" rel=\"bookmark\"><time class=\"wp-show-posts-entry-date published\" datetime=\"2025-05-22T13:46:39-03:00\" itemprop=\"datePublished\">22 mayo, 2025<\/time><time class=\"wp-show-posts-updated\" datetime=\"2025-05-22T13:46:43-03:00\" itemprop=\"dateModified\">22 mayo, 2025<\/time><\/a>\n\t\t\t\t<\/span><\/div>\t\t\t\t\t\t<\/header><!-- .entry-header -->\n\t\t\t\t\t\t\t<div class=\"wp-show-posts-image  wpsp-image-center \">\n\t\t\t<a href=\"https:\/\/esba-nqn.infd.edu.ar\/sitio\/descarga-tu-libreta\/\"  title=\"\u00a1Descarg\u00e1 tu libreta!\">\t\t\t\t\t<img src=\"https:\/\/esba-nqn.infd.edu.ar\/sitio\/wp-content\/uploads\/2024\/09\/Logo-750x750-1-300x300.png\" alt=\"\u00a1Descarg\u00e1 tu libreta!\" itemprop=\"image\" class=\"center\" \/>\n\t\t\t\t<\/a>\t\t<\/div>\n\t\t\t\t\t\t\t\t<div class=\"wp-show-posts-entry-summary\" itemprop=\"text\">\n\t\t\t\t\t\t\t<p>En virtud de que el CPE no nos env\u00eda libretas estudiantiles, la idea es que cada estudiante pueda descargar e imprimir este archivo para hacer su propio seguimiento de las&#8230;<\/p>\n\t\t\t\t\t\t<\/div><!-- .entry-summary -->\n\t\t\t\t\t<\/div><!-- wp-show-posts-inner --><\/article><article class=\" wp-show-posts-single post-7232 post type-post status-publish format-standard has-post-thumbnail hentry category-n-adolescentes category-n-comunidad category-n-docentes category-n-estudiantes category-n-nines category-noticias category-n-trabajadores wpsp-col-4\" itemtype=\"http:\/\/schema.org\/CreativeWork\" itemscope><div class=\"wp-show-posts-inner\" style=\"\">\t\t\t\t\t\t<header class=\"wp-show-posts-entry-header\">\n\t\t\t\t\t\t\t<h2 class=\"wp-show-posts-entry-title\" itemprop=\"headline\"><a href=\"https:\/\/esba-nqn.infd.edu.ar\/sitio\/65-aniversario-de-la-esba\/\" rel=\"bookmark\">65\u00b0 Aniversario de la ESBA<\/a><\/h2><div class=\"wp-show-posts-entry-meta wp-show-posts-entry-meta-below-title post-meta-inline\"><span class=\"wp-show-posts-posted-on wp-show-posts-meta\">\n\t\t\t\t\t<a href=\"https:\/\/esba-nqn.infd.edu.ar\/sitio\/65-aniversario-de-la-esba\/\" title=\"12:09 pm\" rel=\"bookmark\"><time class=\"wp-show-posts-entry-date published\" datetime=\"2025-04-21T12:09:35-03:00\" itemprop=\"datePublished\">21 abril, 2025<\/time><time class=\"wp-show-posts-updated\" datetime=\"2025-04-21T12:09:39-03:00\" itemprop=\"dateModified\">21 abril, 2025<\/time><\/a>\n\t\t\t\t<\/span><\/div>\t\t\t\t\t\t<\/header><!-- .entry-header -->\n\t\t\t\t\t\t\t<div class=\"wp-show-posts-image  wpsp-image-center \">\n\t\t\t<a href=\"https:\/\/esba-nqn.infd.edu.ar\/sitio\/65-aniversario-de-la-esba\/\"  title=\"65\u00b0 Aniversario de la ESBA\">\t\t\t\t\t<img src=\"https:\/\/esba-nqn.infd.edu.ar\/sitio\/wp-content\/uploads\/2025\/04\/Imagen-de-WhatsApp-2025-04-21-a-las-11.37.56_5abe5ebd-300x300.jpg\" alt=\"65\u00b0 Aniversario de la ESBA\" itemprop=\"image\" class=\"center\" \/>\n\t\t\t\t<\/a>\t\t<\/div>\n\t\t\t\t\t\t\t\t<div class=\"wp-show-posts-entry-summary\" itemprop=\"text\">\n\t\t\t\t\t\t\t<p>\u00abQuien olvida la historia est\u00e1 condenado a repetirla\u00bb Osvaldo Bayer En este aniversario queremos reivindicar la memoria colectiva para seguir escribiendo nuestra historia. Por ello, el martes 22 de abril&#8230;<\/p>\n\t\t\t\t\t\t<\/div><!-- .entry-summary -->\n\t\t\t\t\t<\/div><!-- wp-show-posts-inner --><\/article><article class=\" wp-show-posts-single post-6816 post type-post status-publish format-standard has-post-thumbnail hentry category-n-adolescentes category-n-comunidad category-n-docentes category-n-estudiantes category-n-nines category-n-trabajadores wpsp-col-4\" itemtype=\"http:\/\/schema.org\/CreativeWork\" itemscope><div class=\"wp-show-posts-inner\" style=\"\">\t\t\t\t\t\t<header class=\"wp-show-posts-entry-header\">\n\t\t\t\t\t\t\t<h2 class=\"wp-show-posts-entry-title\" itemprop=\"headline\"><a href=\"https:\/\/esba-nqn.infd.edu.ar\/sitio\/segunda-nota-de-prueba\/\" rel=\"bookmark\">24 de marzo. D\u00eda Nacional de la Memoria por la Verdad y la Justicia<\/a><\/h2><div class=\"wp-show-posts-entry-meta wp-show-posts-entry-meta-below-title post-meta-inline\"><span class=\"wp-show-posts-posted-on wp-show-posts-meta\">\n\t\t\t\t\t<a href=\"https:\/\/esba-nqn.infd.edu.ar\/sitio\/segunda-nota-de-prueba\/\" title=\"1:29 pm\" rel=\"bookmark\"><time class=\"wp-show-posts-entry-date published\" datetime=\"2025-03-25T13:29:45-03:00\" itemprop=\"datePublished\">25 marzo, 2025<\/time><time class=\"wp-show-posts-updated\" datetime=\"2025-03-25T13:29:46-03:00\" itemprop=\"dateModified\">25 marzo, 2025<\/time><\/a>\n\t\t\t\t<\/span><\/div>\t\t\t\t\t\t<\/header><!-- .entry-header -->\n\t\t\t\t\t\t\t<div class=\"wp-show-posts-image  wpsp-image-center \">\n\t\t\t<a href=\"https:\/\/esba-nqn.infd.edu.ar\/sitio\/segunda-nota-de-prueba\/\"  title=\"24 de marzo. D\u00eda Nacional de la Memoria por la Verdad y la Justicia\">\t\t\t\t\t<img src=\"https:\/\/esba-nqn.infd.edu.ar\/sitio\/wp-content\/uploads\/2024\/09\/486093308_1087522163419673_3225229703656022101_n-300x300.jpg\" alt=\"24 de marzo. D\u00eda Nacional de la Memoria por la Verdad y la Justicia\" itemprop=\"image\" class=\"center\" \/>\n\t\t\t\t<\/a>\t\t<\/div>\n\t\t\t\t\t\t\t\t<div class=\"wp-show-posts-entry-summary\" itemprop=\"text\">\n\t\t\t\t\t\t\t<p>Este 24 de marzo de 2025 se cumple un nuevo aniversario de la \u00faltima dictadura c\u00edvico-militar.En este contexto de avasallamiento de los Derechos Humanos, la Escuela Superior de Bellas Artes&#8230;<\/p>\n\t\t\t\t\t\t<\/div><!-- .entry-summary -->\n\t\t\t\t\t<\/div><!-- wp-show-posts-inner --><\/article><div class=\"wpsp-clear\"><\/div><\/section><!-- .wp-show-posts -->\n\n\n\n<hr class=\"wp-block-separator has-alpha-channel-opacity\"\/>\n\n\n\n<h2 class=\"wp-block-heading\" id=\"egresadxs\">Inicio de tr\u00e1mite del t\u00edtulo &#8211; Egresadxs<\/h2>\n\n\n\n<h5 class=\"wp-block-heading\"><a href=\"https:\/\/esba-nqn.infd.edu.ar\/sitio\/egresades\/\"><strong>Clic aqu\u00ed<\/strong> para m\u00e1s informaci\u00f3n<\/a><\/h5>\n\n\n\n<hr class=\"wp-block-separator has-alpha-channel-opacity\"\/>\n\n\n\n<h2 class=\"wp-block-heading\" id=\"horarios\">Horarios de cursadas<\/h2>\n\n\n\n<h5 class=\"wp-block-heading\"><strong>Artes visuales<\/strong>:<\/h5>\n\n\n\n<p>Tecnicatura Superior en Artes Visuales: <a href=\"https:\/\/docs.google.com\/document\/d\/1ch-NA5NGOH-HlxdtHXDE2uBjfsscv44PEnrtCC6nAf0\/\">Cursadas<\/a> &#8211; <a href=\"https:\/\/docs.google.com\/document\/d\/1ID1IB04cazDdyeNrmgwhFVxdV1TPFXYE\/\">Idiomas<\/a><\/p>\n\n\n\n<p>Profesorado en Artes Visuales: <a href=\"https:\/\/docs.google.com\/document\/d\/17LXFss5giDIPNs7HfKKkWgbkY9LRj4_umCYOgeRSTng\/\">Turno ma\u00f1ana<\/a> &#8211; <a href=\"https:\/\/docs.google.com\/document\/d\/12Joqzb-TI1-2MzlaTxlKe1OM6MnP0bxdyxwglzyqrlU\/\">Turno tarde<\/a> &#8211; <a href=\"https:\/\/docs.google.com\/document\/d\/1tTCyteS3AiEyVWPgAjBlxKf8ukbBlFZe2L_99-3tcuE\/\">Turno noche<\/a> &#8211; <a href=\"https:\/\/docs.google.com\/document\/d\/1EfAPN9IbcBPb-_WjLhgS9NZxj_kYIe4X\/\">Idiomas<\/a><\/p>\n\n\n\n<p>Profesorado Superior en Artes Visuales: <a href=\"https:\/\/docs.google.com\/document\/d\/1nZ9WYmEy4uA3wmq-QBwOZuzcrgCs_bBZqNiew2DR_qE\/\">Dibujo<\/a> &#8211; <a href=\"https:\/\/docs.google.com\/document\/d\/1VWsvolNAnUV7WayxVvwSKl5HG7kpk5LDYDswu5PxnfE\/\">Escultura<\/a> &#8211; <a href=\"https:\/\/docs.google.com\/document\/d\/18sjVYEPjPUTUSbt4UqEswVibiGvfulLp_WfvTt4jA7U\/\">Grabado<\/a> &#8211; <a href=\"https:\/\/docs.google.com\/document\/d\/1BphkKh9lm1L4vppGraWXUPpNLT0AMTW2fBcrYsHQodc\/\">Pintura<\/a> &#8211; <a href=\"https:\/\/docs.google.com\/document\/d\/1TlEJSpaVBn_gIp1PKBBMKUG-CS15tB1B\/\">Idiomas<\/a><\/p>\n\n\n\n<h5 class=\"wp-block-heading\">Folklore:<\/h5>\n\n\n\n<p>Profesorado en Folklore: <a href=\"https:\/\/docs.google.com\/document\/d\/1p7wpr0PmC4cs_Zvg76BfaagG59epEXX2\/\">Cursadas<\/a> &#8211; <a href=\"https:\/\/docs.google.com\/document\/d\/1TgWu5quC478CUB7iz3bSxFVe6EaOrP_B\/\">Idiomas<\/a><\/p>\n\n\n\n<h5 class=\"wp-block-heading\">Teatro:<\/h5>\n\n\n\n<p>Tecnicatura Superior en Actuaci\u00f3n: <a href=\"https:\/\/docs.google.com\/document\/d\/1jk8nbryH1sdL1yj3PI3cZQAgG36SeC4I\/\">Cursadas<\/a><\/p>\n\n\n\n<p>Profesorado de Teatro: <a href=\"https:\/\/docs.google.com\/document\/d\/12aicmA_svEb7vqas2ygdbplE8TwG-Tc_s1ZP2sKvfgc\/\">Cursadas<\/a> &#8211; <a href=\"https:\/\/docs.google.com\/document\/d\/1BsOpYNIhIfX3sXddBUfkWH5Ba281H8W8\/\">Idiomas<\/a><\/p>\n\n\n\n<p>Profesorado Superior de Teatro: <a href=\"https:\/\/docs.google.com\/document\/d\/1DWr-OL_DSLmRBDqkVqV4te8oVZujhY_eASfmz2YJUmo\/\">Cursadas<\/a> &#8211; <a href=\"https:\/\/docs.google.com\/document\/d\/1WeoCnrbrUhMXwCDd7XYXyhkun4u2X3yY\/\">Idiomas<\/a><\/p>\n\n\n\n<hr class=\"wp-block-separator has-alpha-channel-opacity\"\/>\n\n\n\n<h2 class=\"wp-block-heading\" id=\"bedelias\">Bedel\u00edas<\/h2>\n\n\n\n<p class=\"has-medium-font-size\"><strong>Bedeles del departamento de Artes Visuales<\/strong><\/p>\n\n\n\n<figure class=\"wp-block-table\"><table><tbody><tr><td><strong>Bedel<\/strong><\/td><td><strong>Correo electr\u00f3nico<\/strong><\/td><td><strong>Cursos a cargo<\/strong><\/td><\/tr><tr><td>Daniela Oses<\/td><td>bedeliat.m21@gmail.com<\/td><td>1\u00b0 y 2\u00b0&nbsp;Profesorado de Artes Visuales Plan 660\/411. <strong>Turno Ma\u00f1ana<\/strong><\/td><\/tr><tr><td>Nelcy Astete<\/td><td>bedeliat.m21@gmail.com<\/td><td>3\u00b0 y 4\u00b0 Profesorado de Artes Visuales Plan 660\/411. <strong>Turno Ma\u00f1ana<\/strong><\/td><\/tr><tr><td>Claudia Botto<\/td><td>bedeliattarde@gmail.com<\/td><td>1\u00b0 y 2\u00b0 Profesorado de Artes Visuales Plan 660\/411. <strong>Turno Tarde<\/strong><\/td><\/tr><tr><td>Daniela Mart\u00ednez<\/td><td>bedeliattarde@gmail.com<\/td><td>3\u00b0 y 4\u00b0 Profesorado de Artes Visuales Plan 660\/411. <strong>Turno Tarde<\/strong><\/td><\/tr><tr><td>Florencia Russo<\/td><td>bedeliatnoche@gmail.com<\/td><td>2\u00b0, 3\u00b0 y 4\u00b0 Profesorado de Artes Visuales Plan 660\/411. <strong>Turno Noche<\/strong><\/td><\/tr><tr><td>Romina Montoya<\/td><td>bedeliatnoche@gmail.com<\/td><td>1\u00b0 Profesorado de Artes Visuales Plan 660\/411 y 1\u00b0 de P.S.A.V. Todos los Planes. <strong>Turno Noche<\/strong><\/td><\/tr><tr><td>Lorena Yba\u00f1ez<\/td><td>bedeltecnico@gmail.com<\/td><td>1\u00b0, 2\u00b0, y 3\u00b0 T\u00e9cnico en Artes Visuales Plan 598 \/769 y 5\u00b0 de P.S.A.V. todos los planes. <strong>Turno Noche<\/strong><\/td><\/tr><tr><td>Gabriela Conradi<\/td><td>superbedelia@gmail.com<\/td><td>2\u00b0 3\u00b0 y 4\u00b0 Profesorado de Educaci\u00f3n Superior en Artes Visuales. Todos los planes. <strong>Turno Noche<\/strong><\/td><\/tr><\/tbody><\/table><\/figure>\n\n\n\n<p class=\"has-medium-font-size\"><strong>Bedel del departamento de Folklore<\/strong><\/p>\n\n\n\n<figure class=\"wp-block-table\"><table><tbody><tr><td><strong>Bedel<\/strong><\/td><td colspan=\"2\"><strong><strong>Correo electr\u00f3nico<\/strong><\/strong><\/td><td><strong>Cursos a cargo<\/strong><\/td><\/tr><tr><td>Claudia Botto<\/td><td><a href=\"mailto:esba.folklore@gmail.com\">esba.folklore@gmail.com<\/a><\/td><td colspan=\"2\">1\u00ba, 2\u00ba, 3\u00ba y 4\u00ba Profesorado de Danzas Folkl\u00f3ricas. <strong>Turno ma\u00f1ana<\/strong><\/td><\/tr><\/tbody><\/table><\/figure>\n\n\n\n<p class=\"has-medium-font-size\"><strong>Bedeles del departamento de Teatro<\/strong><\/p>\n\n\n\n<figure class=\"wp-block-table\"><table><tbody><tr><td><strong>Bedel<\/strong><\/td><td><strong><strong>Correo electr\u00f3nico<\/strong><\/strong><\/td><td><strong>Cursos a cargo<\/strong><\/td><\/tr><tr><td>Gustavo Reyna<\/td><td><a href=\"mailto:bedeliaesbateatro@gmail.com\">bedeliaesbateatro@gmail.com<\/a><\/td><td>Profesora de Educaci\u00f3n Superior en Teatro Plan 683. <strong>Turno Noche<\/strong><\/td><\/tr><tr><td>Bettina Ortiz<\/td><td><a href=\"mailto:bedeliaesbateatro@gmail.com\">bedeliaesbateatro@gmail.com<\/a><\/td><td>Profesorado de Teatro Plan 659. <strong>Turno Noche<\/strong><\/td><\/tr><tr><td>Emanuel Vazquez<\/td><td><a href=\"mailto:actuacionesba@gmail.com\">actuacionesba@gmail.com<\/a><\/td><td>Tecnicatura Superior en Actuaci\u00f3n Plan 712. <strong>Turno Tarde<\/strong><\/td><\/tr><\/tbody><\/table><\/figure>\n\n\n\n<hr class=\"wp-block-separator has-alpha-channel-opacity\"\/>\n\n\n\n<p class=\"has-luminous-dusk-gradient-background has-background has-large-font-size\"><strong>Iscripciones materias 1er cuatrimestre y anuales 2026 <\/strong><\/p>\n\n\n\n<p class=\"has-text-align-center has-medium-font-size\"><strong>del 9 al 13 de marzo 2026<\/strong><\/p>\n\n\n\n<p><strong>Atenci\u00f3n:<\/strong> el a\u00f1o pasado comenzamos a migrar progresivamente las inscripciones a materias desde formulario de google a SIUNED. Es por eso que conviven a\u00fan las dos formas de anotarse, seg\u00fan cada plan. Te pedimos que prestes atenci\u00f3n a que sistema de inscripci\u00f3n corresponde a cada a\u00f1o\/ plan, y te agradecemos por entender lo complejo de la transici\u00f3n.<\/p>\n\n\n\n<p><strong>&#x2705;Si tenes algun inconveniente con la inscripci\u00f3n por favor comunicalo por correo a tu bedel.<\/strong><\/p>\n\n\n\n<p><strong>&#x2705;Record\u00e1 que te llega el comprobante de inscripci\u00f3n al mail. &#x21a9;<\/strong><\/p>\n\n\n\n<p><strong>&#x2705; Ten\u00e9 en cuenta el r\u00e9gimen de correlatividades seg\u00fan tu plan de estudios.<\/strong><\/p>\n\n\n\n<p class=\"has-base-background-color has-background\"><strong>TEATRO<\/strong><\/p>\n\n\n\n<p><strong>Tecnicatura . Plan 712<\/strong><\/p>\n\n\n\n<p>1\u00b0&nbsp; Inscripci\u00f3n a materias mediante SIUNED<\/p>\n\n\n\n<p>2\u00b0&nbsp; Inscripci\u00f3n a materias mediante SIUNED<\/p>\n\n\n\n<p>3\u00b0&nbsp; <a href=\"https:\/\/forms.gle\/hLuQPR5VzmuFqZocA\">https:\/\/forms.gle\/hLuQPR5VzmuFqZocA<\/a><\/p>\n\n\n\n<p><strong>Profesorado . Plan 659<\/strong><\/p>\n\n\n\n<p>1\u00b0&nbsp; Inscripci\u00f3n a materias mediante SIUNED<\/p>\n\n\n\n<p>2\u00b0&nbsp; <a href=\"https:\/\/forms.gle\/3c9sq5Mq7nTb7Sui7\">https:\/\/forms.gle\/3c9sq5Mq7nTb7Sui7<\/a><\/p>\n\n\n\n<p>3\u00b0&nbsp; <a href=\"https:\/\/forms.gle\/8H62gxbYXhFwYAmh6\">https:\/\/forms.gle\/8H62gxbYXhFwYAmh6<\/a><\/p>\n\n\n\n<p>4\u00b0&nbsp; <a href=\"https:\/\/forms.gle\/SCrpeD6eC93mYRug8\">https:\/\/forms.gle\/SCrpeD6eC93mYRug8<\/a><\/p>\n\n\n\n<p><strong>Profesorado Superior . Plan 683<\/strong><\/p>\n\n\n\n<p>1\u00b0 Inscripci\u00f3n a materias mediante SIUNED<\/p>\n\n\n\n<p>2\u00b0 a 5\u00b0 <a href=\"https:\/\/forms.gle\/pfTMhVctJ4CiBBam8\">https:\/\/forms.gle\/pfTMhVctJ4CiBBam8<\/a><\/p>\n\n\n\n<p class=\"has-base-background-color has-background\"><strong>FOLKLORE&nbsp; &#8211; PLAN 611<\/strong><\/p>\n\n\n\n<p>1\u00b0&nbsp; Inscripci\u00f3n a materias mediante SIUNED<\/p>\n\n\n\n<p>2\u00b0&nbsp; Inscripci\u00f3n a materias mediante SIUNED<\/p>\n\n\n\n<p>3\u00b0&nbsp; <a href=\"https:\/\/forms.gle\/rDaBU2QLgXTBx7N46\">https:\/\/forms.gle\/rDaBU2QLgXTBx7N46<\/a><\/p>\n\n\n\n<p>4\u00b0&nbsp; <a href=\"https:\/\/forms.gle\/XYt4wxu7eohF4SNz8\">https:\/\/forms.gle\/XYt4wxu7eohF4SNz8<\/a><\/p>\n\n\n\n<p>Lengua Extranjera&nbsp; <a href=\"https:\/\/forms.gle\/DcMyEJQMvus7WVE66\">https:\/\/forms.gle\/DcMyEJQMvus7WVE66<\/a><\/p>\n\n\n\n<p class=\"has-base-background-color has-background\"><strong>ARTES VISUALES&nbsp;<\/strong><\/p>\n\n\n\n<p><strong>ARTES VISUALES&nbsp;<\/strong><\/p>\n\n\n\n<p><strong>Profesorado &#8211; Plan 660<\/strong><\/p>\n\n\n\n<p>1\u00b0 Inscripci\u00f3n a materias mediante SIUNED<\/p>\n\n\n\n<p>2\u00b0 Inscripci\u00f3n a materias mediante SIUNED&nbsp;<\/p>\n\n\n\n<p>3\u00b0&nbsp; <a href=\"https:\/\/forms.gle\/LTJtyckXsLWtZ9hW7\">https:\/\/forms.gle\/LTJtyckXsLWtZ9hW7<\/a><\/p>\n\n\n\n<p>4\u00b0&nbsp; <a href=\"https:\/\/forms.gle\/tbtLkLtUpdFTjCVm8\">https:\/\/forms.gle\/tbtLkLtUpdFTjCVm8<\/a><\/p>\n\n\n\n<p>Lengua Extranjera&nbsp; <a href=\"https:\/\/forms.gle\/M77gSovkF5HDW2a29\">https:\/\/forms.gle\/M77gSovkF5HDW2a29<\/a><\/p>\n\n\n\n<p><strong>Tecnicatura &#8211; Plan 769&nbsp;<\/strong><\/p>\n\n\n\n<p>1\u00b0&nbsp; Inscripci\u00f3n a materias mediante SIUNED<\/p>\n\n\n\n<p>2\u00b0&nbsp; Inscripci\u00f3n a materias mediante SIUNED<\/p>\n\n\n\n<p>3\u00b0 <a href=\"https:\/\/forms.gle\/GoWC9hGYPH9zpuWi9\">https:\/\/forms.gle\/GoWC9hGYPH9zpuWi9<\/a><\/p>\n\n\n\n<p><strong>Profesorado Superior<\/strong><\/p>\n\n\n\n<p>Lengua extranjera <a href=\"https:\/\/forms.gle\/Q6EbwusydZHQx47w7\">https:\/\/forms.gle\/Q6EbwusydZHQx47w7<\/a><\/p>\n\n\n\n<p><strong>Orientaci\u00f3n Dibujo &#8211; Plan 679<\/strong><\/p>\n\n\n\n<p>1\u00b0&nbsp; Inscripci\u00f3n a materias mediante SIUNED<\/p>\n\n\n\n<p>2\u00b0 a 5\u00b0&nbsp; <a href=\"https:\/\/forms.gle\/RQURZjD1vyMPair99\">https:\/\/forms.gle\/RQURZjD1vyMPair99<\/a><\/p>\n\n\n\n<p><strong>Orientaci\u00f3n Pintura &#8211; Plan 682<\/strong><\/p>\n\n\n\n<p>1\u00b0&nbsp; Inscripci\u00f3n a materias mediante SIUNED<\/p>\n\n\n\n<p>2\u00b0 a 5\u00b0 <a href=\"https:\/\/forms.gle\/zhzxAxaN855u5ott9\">https:\/\/forms.gle\/zhzxAxaN855u5ott9<\/a><\/p>\n\n\n\n<p><strong>Orientaci\u00f3n Escultura &#8211; Plan 680<\/strong><\/p>\n\n\n\n<p>1\u00b0&nbsp; Inscripci\u00f3n a materias mediante SIUNED<\/p>\n\n\n\n<p>2\u00b0 a 5\u00b0 <a href=\"https:\/\/forms.gle\/df7XbUDSGH3gzzbN7\">https:\/\/forms.gle\/df7XbUDSGH3gzzbN7<\/a><\/p>\n\n\n\n<p><strong>Orientaci\u00f3n Arte Impreso &#8211; Plan 681<\/strong><\/p>\n\n\n\n<p>1\u00b0&nbsp; Inscripci\u00f3n a materias mediante SIUNED<\/p>\n\n\n\n<p>2\u00b0 a 5\u00b0 <a href=\"https:\/\/forms.gle\/bQSZbw3ZrxsVusUU9\">https:\/\/forms.gle\/bQSZbw3ZrxsVusUU9<\/a><\/p>\n\n\n\n<hr class=\"wp-block-separator has-alpha-channel-opacity\"\/>\n\n\n\n<h2 class=\"wp-block-heading\" id=\"mesas\">Mesas de examen<\/h2>\n\n\n\n<p><strong>Pr\u00f3ximos llamado<\/strong>s: del 2 al 5 y del 11 al 18 de 2025<\/p>\n\n\n\n<p><strong>Apertura de inscripciones<\/strong>: a partir del 21\/11 y hasta 72 hs. h\u00e1biles antes del d\u00eda de cada mesa.<\/p>\n\n\n\n<p class=\"has-medium-font-size\"><strong>Inscripciones<\/strong>:<\/p>\n\n\n\n<div class=\"wp-block-group is-layout-flex\">\n<div class=\"wp-block-buttons is-content-justification-center is-layout-flex wp-container-10\">\n<div class=\"wp-block-button has-custom-font-size has-small-font-size\"><a class=\"wp-block-button__link has-text-color has-background wp-element-button\" href=\"https:\/\/docs.google.com\/forms\/d\/e\/1FAIpQLScMbnsjzk6n0HBjwTdOUdiG4ZsKxJma_L8szbz0QcnUWMN0Tg\/viewform\" style=\"border-radius:5px;color:#f5f4eb;background-color:#525a6b\" target=\"_blank\" rel=\"noreferrer noopener\"><strong>Acceso al formulario &#8211; todas las carreras<\/strong><\/a><\/div>\n<\/div>\n<\/div>\n\n\n\n<p class=\"has-medium-font-size\"><strong>Fechas y tribunales:<\/strong><\/p>\n\n\n\n<iframe src=\"https:\/\/docs.google.com\/spreadsheets\/d\/e\/2PACX-1vSsjKsv1cw8S-G220hoVwumptvq80g5lE2VczqTLM-SmNy1dqZuULYd9TSxpuCnRjBWO2FTsA6Oeyoo\/pubhtml?widget=true&amp;headers=false\" width=100% height=640><\/iframe>\n\n\n\n<hr class=\"wp-block-separator has-alpha-channel-opacity\"\/>\n\n\n<div class=\"wp-block-image\">\n<figure class=\"aligncenter size-full\"><a href=\"https:\/\/esba-nqn.infd.edu.ar\/sitio\/pagina-principal\/\"><img decoding=\"async\" loading=\"lazy\" width=\"44\" height=\"44\" src=\"https:\/\/esba-nqn.infd.edu.ar\/sitio\/wp-content\/uploads\/2024\/05\/Inst_Boton_Home.png\" alt=\"\" class=\"wp-image-6299\"\/><\/a><\/figure><\/div>","protected":false},"excerpt":{"rendered":"<p>Noticias estudiantiles Inicio de tr\u00e1mite del t\u00edtulo &#8211; Egresadxs Clic aqu\u00ed para m\u00e1s informaci\u00f3n Horarios de cursadas Artes visuales: Tecnicatura Superior en Artes Visuales: Cursadas &#8211; Idiomas Profesorado en Artes Visuales: Turno ma\u00f1ana &#8211; Turno tarde &#8211; Turno noche &#8211; Idiomas Profesorado Superior en Artes Visuales: Dibujo &#8211; Escultura &#8211; Grabado &#8211; Pintura &#8211; Idiomas &#8230; <a title=\"24 de marzo. D\u00eda Nacional de la Memoria por la Verdad y la Justicia\" class=\"read-more\" href=\"https:\/\/esba-nqn.infd.edu.ar\/sitio\/segunda-nota-de-prueba\/\" aria-label=\"More on 24 de marzo. D\u00eda Nacional de la Memoria por la Verdad y la Justicia\">[+]<\/a><\/p>\n","protected":false},"author":986,"featured_media":0,"parent":0,"menu_order":0,"comment_status":"closed","ping_status":"closed","template":"","meta":[],"acf":[],"_links":{"self":[{"href":"https:\/\/esba-nqn.infd.edu.ar\/sitio\/wp-json\/wp\/v2\/pages\/5655"}],"collection":[{"href":"https:\/\/esba-nqn.infd.edu.ar\/sitio\/wp-json\/wp\/v2\/pages"}],"about":[{"href":"https:\/\/esba-nqn.infd.edu.ar\/sitio\/wp-json\/wp\/v2\/types\/page"}],"author":[{"embeddable":true,"href":"https:\/\/esba-nqn.infd.edu.ar\/sitio\/wp-json\/wp\/v2\/users\/986"}],"replies":[{"embeddable":true,"href":"https:\/\/esba-nqn.infd.edu.ar\/sitio\/wp-json\/wp\/v2\/comments?post=5655"}],"version-history":[{"count":52,"href":"https:\/\/esba-nqn.infd.edu.ar\/sitio\/wp-json\/wp\/v2\/pages\/5655\/revisions"}],"predecessor-version":[{"id":7503,"href":"https:\/\/esba-nqn.infd.edu.ar\/sitio\/wp-json\/wp\/v2\/pages\/5655\/revisions\/7503"}],"wp:attachment":[{"href":"https:\/\/esba-nqn.infd.edu.ar\/sitio\/wp-json\/wp\/v2\/media?parent=5655"}],"curies":[{"name":"wp","href":"https:\/\/api.w.org\/{rel}","templated":true}]}}